{"id":3,"date":"2020-07-06T20:59:25","date_gmt":"2020-07-06T20:59:25","guid":{"rendered":"http:\/?page_id=3"},"modified":"2021-09-15T10:53:20","modified_gmt":"2021-09-15T10:53:20","slug":"privacy-policy","status":"publish","type":"page","link":"https:\/\/www.aiki.be\/fr\/privacy-policy\/","title":{"rendered":"Politique de vie priv\u00e9e"},"content":{"rendered":"<div data-elementor-type=\"wp-page\" data-elementor-id=\"3\" class=\"elementor elementor-3\">\n\t\t\t\t\t\t<div class=\"elementor-inner\">\n\t\t\t\t<div class=\"elementor-section-wrap\">\n\t\t\t\t\t\t\t\t\t<section class=\"elementor-section elementor-top-section elementor-element elementor-element-62bb9e68 elementor-section-stretched elementor-section-boxed elementor-section-height-default elementor-section-height-default\" data-id=\"62bb9e68\" data-element_type=\"section\" data-settings=\"{&quot;stretch_section&quot;:&quot;section-stretched&quot;}\">\n\t\t\t\t\t\t<div class=\"elementor-container elementor-column-gap-no\">\n\t\t\t\t\t\t\t<div class=\"elementor-row\">\n\t\t\t\t\t<div class=\"elementor-column elementor-col-100 elementor-top-column elementor-element elementor-element-1a49428b\" data-id=\"1a49428b\" data-element_type=\"column\">\n\t\t\t<div class=\"elementor-column-wrap elementor-element-populated\">\n\t\t\t\t\t\t\t<div class=\"elementor-widget-wrap\">\n\t\t\t\t\t\t<div class=\"elementor-element elementor-element-2618f987 elementor-widget elementor-widget-text-editor\" data-id=\"2618f987\" data-element_type=\"widget\" data-widget_type=\"text-editor.default\">\n\t\t\t\t<div class=\"elementor-widget-container\">\n\t\t\t\t\t\t\t\t<div class=\"elementor-text-editor elementor-clearfix\">\n\t\t\t\t<p style=\"margin: 0cm 0cm 8pt; line-height: normal; font-size: 11pt; font-family: Calibri, sans-serif; color: #000000;\"><span lang=\"NL-BE\" style=\"font-size: 10pt;\">Nous nous soucions de vos donn\u00e9es \u00e0 caract\u00e8re personnel et nous voulons que vous soyez certain que GB Foods utilise vos donn\u00e9es \u00e0 caract\u00e8re personnel avec soin. Cette Politique de Vie Priv\u00e9e vous aidera \u00e0 comprendre quelles donn\u00e9es \u00e0 caract\u00e8re personnel nous collectons, pourquoi nous les collectons et ce que nous en faisons.<\/span><\/p><p style=\"margin: 0cm 0cm 8pt; line-height: normal; font-size: 11pt; font-family: Calibri, sans-serif; color: #000000;\"><span lang=\"NL-BE\" style=\"font-size: 10pt;\">En lisant notre Politique de Vie Priv\u00e9e, veuillez garder \u00e0 l\u2019esprit qu\u2019elle s\u2019applique \u00e0 toutes les soci\u00e9t\u00e9s du groupe GB Foods telles que d\u00e9finies ci-dessous.<\/span><\/p><p><b><span lang=\"NL-BE\">Qui sommes-nous?<\/span><\/b><\/p><p style=\"margin: 0cm 0cm 8pt; line-height: normal; font-size: 11pt; font-family: Calibri, sans-serif; color: #000000;\"><span lang=\"NL-BE\" style=\"font-size: 10pt;\">Cette Politique de Vie Priv\u00e9e s\u2019applique aux donn\u00e9es \u00e0 caract\u00e8re personnel collect\u00e9es par GB Foods en relation avec les services et produits que nous offrons. Les r\u00e9f\u00e9rences \u00e0 \u00abGB Foods\u00bb, \u00abnous\u00bb, \u00abnotre\u00bb ou \u00abnos\u00bb dans cette Politique de Vie Priv\u00e9e incluent chacune et toutes les entit\u00e9s du groupe suivantes, \u00e9tablies dans cinq juridictions \u00e0 travers l\u2019Europe:<\/span><\/p><p style=\"margin: 0cm 0cm 8pt; line-height: normal; font-size: 11pt; font-family: Calibri, sans-serif; color: #000000;\"><span lang=\"NL-BE\" style=\"font-size: 10pt;\">1. Belgique (Si\u00e8ge social et \u00e9tablissement principal)<\/span><\/p><p style=\"margin: 0cm 0cm 8pt; line-height: normal; font-size: 11pt; font-family: Calibri, sans-serif; color: #000000;\"><span lang=\"NL-BE\" style=\"font-size: 10pt;\">GB Foods Belgium NV BE 0458.358.850 Rijksweg 16 B \u2013 2870 Puurs BELGI\u00cb<\/span><\/p><p style=\"margin: 0cm 0cm 8pt; line-height: normal; font-size: 11pt; font-family: Calibri, sans-serif; color: #000000;\"><span lang=\"FR\" style=\"font-size: 10pt;\">2. France<\/span><\/p><p style=\"margin: 0cm 0cm 8pt; line-height: normal; font-size: 11pt; font-family: Calibri, sans-serif; color: #000000;\"><span lang=\"FR\" style=\"font-size: 10pt;\">GB Foods France SAS 63 bis, Rue de S\u00e8vres F \u2013 92514 Boulogne Billancourt FRANKRIJK<\/span><\/p><p style=\"margin: 0cm 0cm 8pt; line-height: normal; font-size: 11pt; font-family: Calibri, sans-serif; color: #000000;\"><span lang=\"FR\" style=\"font-size: 10pt;\">GB Foods Production France SAS 1420 Route de Carpentras CS 80018 Le Pontet 84275 Ved\u00e8ne Cedex FRANKRIJK<\/span><\/p><p style=\"margin: 0cm 0cm 8pt; line-height: normal; font-size: 11pt; font-family: Calibri, sans-serif; color: #000000;\"><span lang=\"FR\" style=\"font-size: 10pt;\">Destombes SAS ZI de l\u2019Alouette \u2013 Rue Gutenberg 62800 Li\u00e9vin FRANKRIJK<\/span><\/p><p style=\"margin: 0cm 0cm 8pt; line-height: normal; font-size: 11pt; font-family: Calibri, sans-serif; color: #000000;\"><span lang=\"FR\" style=\"font-size: 10pt;\">Destombes Production SAS ZI de l\u2019Alouette \u2013 Rue Gutenberg 62800 Li\u00e9vin FRANKRIJK<\/span><\/p><p style=\"margin: 0cm 0cm 8pt; line-height: normal; font-size: 11pt; font-family: Calibri, sans-serif; color: #000000;\"><span lang=\"EN-US\" style=\"font-size: 10pt;\">3.\u00a0Duitsland<\/span><\/p><p style=\"margin: 0cm 0cm 8pt; line-height: normal; font-size: 11pt; font-family: Calibri, sans-serif; color: #000000;\"><span lang=\"EN-US\" style=\"font-size: 10pt;\">GB Foods Germany GmbH Geniner Strasse 88-100 D \u2013 23560 L\u00fcbeck DUITSLAND<\/span><\/p><p style=\"margin: 0cm 0cm 8pt; line-height: normal; font-size: 11pt; font-family: Calibri, sans-serif; color: #000000;\"><span lang=\"EN-US\" style=\"font-size: 10pt;\">GB Foods Production Germany GmbH Geniner Strasse 88-100 D \u2013 23560 L\u00fcbeck DUITSLAND<\/span><\/p><p style=\"margin: 0cm 0cm 8pt; line-height: normal; font-size: 11pt; font-family: Calibri, sans-serif; color: #000000;\"><span lang=\"EN-US\" style=\"font-size: 10pt;\">4.\u00a0Finland<\/span><\/p><p style=\"margin: 0cm 0cm 8pt; line-height: normal; font-size: 11pt; font-family: Calibri, sans-serif; color: #000000;\"><span lang=\"EN-US\" style=\"font-size: 10pt;\">GB Foods Finland Oy Tammiston kauppatie 7 B FI-01510 Vantaa FINLAND<\/span><\/p><p style=\"margin: 0cm 0cm 8pt; line-height: normal; font-size: 11pt; font-family: Calibri, sans-serif; color: #000000;\"><span lang=\"DE\" style=\"font-size: 10pt;\">5.\u00a0Zweden<\/span><\/p><p style=\"margin: 0cm 0cm 8pt; line-height: normal; font-size: 11pt; font-family: Calibri, sans-serif; color: #000000;\"><span lang=\"DE\" style=\"font-size: 10pt;\">GB Foods Sweden AB Scheelev\u00e4gen 30 SE \u2013 223 63 Lund ZWEDEN<\/span><\/p><p style=\"margin: 0cm 0cm 8pt; line-height: normal; font-size: 11pt; font-family: Calibri, sans-serif; color: #000000;\"><span lang=\"NL-BE\" style=\"font-size: 10pt;\">Dans le cadre de nos activit\u00e9s (la production et la vente d\u2019aliments tels que des nouilles, des soupes, des jus, des bouillons, du vinaigre, des sauces froides et chaudes, des m\u00e9langes de desserts, etc. par l\u2019interm\u00e9diaire de partenaires commerciaux et d\u2019autres canaux de vente, ainsi que le suivi et la fourniture de services apr\u00e8s-vente), nous recueillons, d\u00e9tenons, divulguons et\/ou traitons de tout autre mani\u00e8re des donn\u00e9es \u00e0 caract\u00e8re personnel. En vertu de la l\u00e9gislation applicable en mati\u00e8re de protection de la vie priv\u00e9e et des donn\u00e9es, les entit\u00e9s susmentionn\u00e9es sont chacune qualifi\u00e9es de responsable du traitement des donn\u00e9es \u00e0 caract\u00e8re personnel qu\u2019elles traitent dans le contexte de leurs activit\u00e9s domestiques. Dans certains cas sp\u00e9cifiques, elles sont responsables conjoints du traitement avec une autre entit\u00e9. Pour certaines fonctions \u00e0 l\u2019\u00e9chelle du groupe, comme le service achats ou le service juridique, GB Foods Belgium est le responsable du traitement.<\/span><\/p><p style=\"margin: 0cm 0cm 8pt; line-height: normal; font-size: 11pt; font-family: Calibri, sans-serif; color: #000000;\"><span lang=\"NL-BE\" style=\"font-size: 10pt;\">Pour les \u00e9tablissements allemands, nous avons d\u00e9sign\u00e9 un D\u00e9l\u00e9gu\u00e9 \u00e0 la Protection des Donn\u00e9es. Si vous avez des questions concernant nos activit\u00e9s de traitement en Allemagne, vous pouvez contacter le D\u00e9l\u00e9gu\u00e9 \u00e0 la Protection des Donn\u00e9es \u00e0 l\u2019adresse suivante: <\/span><span lang=\"NL-BE\"><a href=\"\/fr\/dataprivacy@thegbfoods.com\/\"><span style=\"font-size: 10pt; color: blue;\">dataprivacy@thegbfoods.com<\/span><\/a><\/span><span lang=\"NL-BE\" style=\"font-size: 10pt;\"> ou Tel. <\/span><span lang=\"NL-BE\"><a href=\"https:\/\/www.royco.be\/+49%20451%205306-0\"><span style=\"font-size: 10pt; color: blue;\">+49 451 5306-0<\/span><\/a><\/span><span lang=\"NL-BE\" style=\"font-size: 10pt;\">.<\/span><\/p><p><b><span lang=\"NL-BE\">Pourquoi cette Politique de Vie Priv\u00e9e est-elle importante?<\/span><\/b><\/p><p style=\"margin: 0cm 0cm 8pt; line-height: normal; font-size: 11pt; font-family: Calibri, sans-serif; color: #000000;\"><span lang=\"NL-BE\" style=\"font-size: 10pt;\">Nous attachons de l\u2019importance au respect de votre vie priv\u00e9e et faisons tout notre possible afin de prot\u00e9ger vos donn\u00e9es \u00e0 caract\u00e8re personnel conform\u00e9ment \u00e0 la l\u00e9gislation applicable en mati\u00e8re de protection des donn\u00e9es et plus particuli\u00e8rement au R\u00e8glement G\u00e9n\u00e9ral sur la Protection des Donn\u00e9es (\u00abRGPD\u00bb) et la l\u00e9gislation nationale applicable en mati\u00e8re de protection des donn\u00e9es.<\/span><\/p><p style=\"margin: 0cm 0cm 8pt; line-height: normal; font-size: 11pt; font-family: Calibri, sans-serif; color: #000000;\"><span lang=\"NL-BE\" style=\"font-size: 10pt;\">Dans cette Politique de Vie Priv\u00e9e, nous exposons la mani\u00e8re dont nous collectons vos donn\u00e9es \u00e0 caract\u00e8re personnel, comment et \u00e0 quelles fins nous les utilisons et \u00e0 qui nous pouvons les divulguer.<\/span><\/p><p style=\"margin: 0cm 0cm 8pt; line-height: normal; font-size: 11pt; font-family: Calibri, sans-serif; color: #000000;\"><span lang=\"NL-BE\" style=\"font-size: 10pt;\">En outre, cette Politique de Vie Priv\u00e9e contient des informations importantes au sujet de vos droits concernant le traitement de vos donn\u00e9es \u00e0 caract\u00e8re personnel. Par cons\u00e9quent, nous vous encourageons \u00e0 lire attentivement cette Politique de Vie Priv\u00e9e.<\/span><\/p><p style=\"margin: 0cm 0cm 8pt; line-height: normal; font-size: 11pt; font-family: Calibri, sans-serif; color: #000000;\"><span lang=\"NL-BE\" style=\"font-size: 10pt;\">De temps \u00e0 autre, nous devrons peut-\u00eatre modifier cette Politique de Vie Priv\u00e9e. La version la plus r\u00e9cente de cette derni\u00e8re est disponible \u00e0 tout moment sur nos sites internet g\u00e9n\u00e9raux et nos sites internet de produits.<\/span><\/p><p style=\"margin: 0cm 0cm 8pt; line-height: normal; font-size: 11pt; font-family: Calibri, sans-serif; color: #000000;\"><span lang=\"NL-BE\" style=\"font-size: 10pt;\">Attention: En partageant vos donn\u00e9es \u00e0 caract\u00e8re personnel avec nous, nous attendons que vous lisiez cette Politique de Vie Priv\u00e9e attentivement. Nous nous engageons \u00e0 traiter vos donn\u00e9es \u00e0 caract\u00e8re personnel en conformit\u00e9 avec les exigences du RGPD. Nous assurons une protection optimale de nos bases de donn\u00e9es et vous permettrons d\u2019obtenir un aper\u00e7u ais\u00e9ment accessible de vos donn\u00e9es et la modification ou l\u2019effacement de celles-ci sur simple demande. Veuillez noter que pour certains traitements de vos donn\u00e9es \u00e0 caract\u00e8re personnel, nous devrons vous demander votre consentement (par exemple, si nous voulons vous envoyer une newsletter ou utiliser des cookies de suivi). Pour les autres types de traitement, la loi nous fournit d\u2019autres bases l\u00e9gales.<\/span><\/p><p><b><span lang=\"NL-BE\">Quelles donn\u00e9es \u00e0 caract\u00e8re personnel collectons-nous?<\/span><\/b><\/p><p style=\"margin: 0cm 0cm 8pt; line-height: normal; font-size: 11pt; font-family: Calibri, sans-serif; color: #000000;\"><span lang=\"NL-BE\" style=\"font-size: 10pt;\">Dans le cadre de nos affaires (telles que susmentionn\u00e9es), nous traitons des donn\u00e9es \u00e0 caract\u00e8re personnel de clients professionnels, d\u00e9taillants ou consommateurs qui ach\u00e8tent ou utilisent nos produits, de participants \u00e0 nos initiatives d\u2019\u00e9tudes de march\u00e9 ou enqu\u00eates, des participants \u00e0 nos concours, des visiteurs de nos b\u00e2timents, des visiteurs de nos sites internet, des journalistes, des personnes de contact au sein d\u2019autorit\u00e9s administratives et des personnes qui entrent en contact avec nous autrement (par exemple parce que leur nom et leurs coordonn\u00e9es en tant qu\u2019employ\u00e9 ou directeur de nos clients, fournisseurs et autres partenaires commerciaux nous sont fournis).<\/span><\/p><p><b><span lang=\"NL-BE\">Comment collectons-nous des donn\u00e9es \u00e0 caract\u00e8re personnel?<\/span><\/b><\/p><p style=\"margin: 0cm 0cm 8pt; line-height: normal; font-size: 11pt; font-family: Calibri, sans-serif; color: #000000;\"><span lang=\"NL-BE\" style=\"font-size: 10pt;\">Nous collectons vos donn\u00e9es \u00e0 caract\u00e8re personnel de plusieurs mani\u00e8res:<\/span><\/p><p style=\"margin: 0cm 0cm 8pt; line-height: normal; font-size: 11pt; font-family: Calibri, sans-serif; color: #000000;\"><span lang=\"NL-BE\" style=\"font-size: 10pt;\">1. directement aupr\u00e8s de vous lorsque vous nous transmettez vos donn\u00e9es \u00e0 caract\u00e8re personnel dans le contexte de nos activit\u00e9s commerciales ;<\/span><\/p><p style=\"margin: 0cm 0cm 8pt; line-height: normal; font-size: 11pt; font-family: Calibri, sans-serif; color: #000000;\"><span lang=\"NL-BE\" style=\"font-size: 10pt;\">2. directement aupr\u00e8s de vous dans le contexte de n\u00e9gociations contractuelles ou de la conclusion d\u2019un contrat ;<\/span><\/p><p style=\"margin: 0cm 0cm 8pt; line-height: normal; font-size: 11pt; font-family: Calibri, sans-serif; color: #000000;\"><span lang=\"NL-BE\" style=\"font-size: 10pt;\">3. directement aupr\u00e8s de vous lorsque vous nous transmettez vos donn\u00e9es \u00e0 caract\u00e8re personnel lorsque vous entrez dans nos b\u00e2timents ;<\/span><\/p><p style=\"margin: 0cm 0cm 8pt; line-height: normal; font-size: 11pt; font-family: Calibri, sans-serif; color: #000000;\"><span lang=\"NL-BE\" style=\"font-size: 10pt;\">4. directement aupr\u00e8s de vous lorsque vous prenez part \u00e0 une \u00e9tude de march\u00e9 ou une enqu\u00eate men\u00e9e par nous ;<\/span><\/p><p style=\"margin: 0cm 0cm 8pt; line-height: normal; font-size: 11pt; font-family: Calibri, sans-serif; color: #000000;\"><span lang=\"NL-BE\" style=\"font-size: 10pt;\">5. directement aupr\u00e8s de vous lorsque vous participez \u00e0 un concours organis\u00e9 par nous ;<\/span><\/p><p style=\"margin: 0cm 0cm 8pt; line-height: normal; font-size: 11pt; font-family: Calibri, sans-serif; color: #000000;\"><span lang=\"NL-BE\" style=\"font-size: 10pt;\">6. directement aupr\u00e8s de vous lorsque vous vous inscrivez sur nos sites internet, lorsque vous naviguez sur notre\/nos site(s) internet, lorsque vous compl\u00e9tez un formulaire de contact sur notre\/nos site(s) internet, lorsque vous vous inscrivez \u00e0 notre newsletter \u00e9lectronique ou lorsque vous achetez un produit sur nos sites de vente en ligne ;<\/span><\/p><p style=\"margin: 0cm 0cm 8pt; line-height: normal; font-size: 11pt; font-family: Calibri, sans-serif; color: #000000;\"><span lang=\"NL-BE\" style=\"font-size: 10pt;\">7. directement aupr\u00e8s de vous lorsque vous nous transmettez vos donn\u00e9es \u00e0 caract\u00e8re personnel dans le cadre d\u2019enqu\u00eates\/plaintes concernant l\u2019\u00e9tiquetage des aliments, les rappels de produits;<\/span><\/p><p style=\"margin: 0cm 0cm 8pt; line-height: normal; font-size: 11pt; font-family: Calibri, sans-serif; color: #000000;\"><span lang=\"NL-BE\" style=\"font-size: 10pt;\">8. par l\u2019interm\u00e9diaire de notre call center lorsque vous leur transmettez vos donn\u00e9es \u00e0 caract\u00e8re personnel dans le contexte d\u2019une question ou d\u2019une plainte ; ou,<\/span><\/p><p style=\"margin: 0cm 0cm 8pt; line-height: normal; font-size: 11pt; font-family: Calibri, sans-serif; color: #000000;\"><span lang=\"NL-BE\" style=\"font-size: 10pt;\">9. par l\u2019interm\u00e9diaire de tiers et de sources officielles (tels que \u2028la base de donn\u00e9es Graydon pour les v\u00e9rifications de cr\u00e9dit, les bases de donn\u00e9es ou les listes de diffusion qui nous sont fournies par des d\u00e9taillants ou d\u2019autres partenaires commerciaux, des bases de donn\u00e9es publiques de journalistes ou via nos fournisseurs de services);<\/span><\/p><p style=\"margin: 0cm 0cm 8pt; line-height: normal; font-size: 11pt; font-family: Calibri, sans-serif; color: #000000;\"><span lang=\"NL-BE\" style=\"font-size: 10pt;\">10. par l\u2019interm\u00e9diaire de votre employeur avec lequel nous avons un contrat ou un partenariat (par exemple lorsque vous agissez en tant que personne contact de nos clients, fournisseurs ou partenaires commerciaux).<\/span><\/p><p><b><span lang=\"NL-BE\">Quelles donn\u00e9es \u00e0 caract\u00e8re personnel collectons-nous?<\/span><\/b><\/p><p style=\"margin: 0cm 0cm 8pt; line-height: normal; font-size: 11pt; font-family: Calibri, sans-serif; color: #000000;\"><span lang=\"NL-BE\" style=\"font-size: 10pt;\">Nous pouvons collecter les donn\u00e9es \u00e0 caract\u00e8re personnel suivantes vous concernant pour autant que ces informations soient pertinentes au regard des finalit\u00e9s pour lesquelles nous en avons besoin, comme expliqu\u00e9 au titre 6 ci-dessous. Chaque fois que certaines informations sont obligatoires et que d\u2019autres informations sont facultatives, cela sera clairement indiqu\u00e9, afin que vous puissiez choisir si vous d\u00e9sirez nous transmettre ces informations ou non.<\/span><\/p><p style=\"margin: 0cm 0cm 8pt; line-height: normal; font-size: 14pt; color: #000000;\"><b><span lang=\"NL-BE\" style=\"font-size: 14pt;\">Informations d\u2019identification et de contact\u00a0<\/span><\/b><\/p><p style=\"margin: 0cm 0cm 8pt; line-height: normal; font-size: 11pt; font-family: Calibri, sans-serif; color: #000000;\"><span lang=\"NL-BE\" style=\"font-size: 10pt;\">Donn\u00e9es d\u2019identification personnelles : nom, adresse, t\u00e9l\u00e9phone\/t\u00e9l\u00e9phone portable, adresse e-mail (et, le cas \u00e9ch\u00e9ant, les mots de passe et les informations d\u2019identification des personnes s\u2019inscrivant sur nos sites de vente en ligne).\u00a0<\/span><\/p><p style=\"margin: 0cm 0cm 8pt; line-height: normal; font-size: 11pt; font-family: Calibri, sans-serif; color: #000000;\"><span lang=\"NL-BE\" style=\"font-size: 10pt;\">Elektronische identificatiegegevens: IP-adressen, informatie die via cookies verzameld wordt (lees ons\u00a0Cookiebeleid)\u00a0<\/span><\/p><p style=\"margin: 0cm 0cm 8pt; line-height: normal; font-size: 14pt; color: #000000;\"><b><span lang=\"NL-BE\" style=\"font-size: 14pt;\">Informations financi\u00e8res\u00a0<\/span><\/b><\/p><p style=\"margin: 0cm 0cm 8pt; line-height: normal; font-size: 11pt; font-family: Calibri, sans-serif; color: #000000;\"><span lang=\"NL-BE\" style=\"font-size: 10pt;\">Donn\u00e9es d\u2019identification et num\u00e9ros de comptes bancaires<\/span><\/p><p style=\"margin: 0cm 0cm 8pt; line-height: normal; font-size: 11pt; font-family: Calibri, sans-serif; color: #000000;\"><span lang=\"NL-BE\" style=\"font-size: 10pt;\">Transactions financi\u00e8res : montant que vous devez payer et que vous avez pay\u00e9s, aper\u00e7u des paiements, etc.<\/span><\/p><p style=\"margin: 0cm 0cm 8pt; line-height: normal; font-size: 11pt; font-family: Calibri, sans-serif; color: #000000;\"><span lang=\"NL-BE\" style=\"font-size: 10pt;\">Contrats et transactions<\/span><\/p><p style=\"margin: 0cm 0cm 8pt; line-height: normal; font-size: 14pt; color: #000000;\"><b><span lang=\"NL-BE\" style=\"font-size: 14pt;\">Caract\u00e9ristiques personnelles<\/span><\/b><\/p><p style=\"margin: 0cm 0cm 8pt; line-height: normal; font-size: 11pt; font-family: Calibri, sans-serif; color: #000000;\"><span lang=\"NL-BE\" style=\"font-size: 10pt;\">Caract\u00e9ristiques personnelles: sexe, date de naissance, nationalit\u00e9, pr\u00e9f\u00e9rence linguistique<\/span><\/p><p style=\"margin: 0cm 0cm 8pt; line-height: normal; font-size: 14pt; color: #000000;\"><b><span lang=\"NL-BE\" style=\"font-size: 14pt;\">Style de vie et habitudes<\/span><\/b><\/p><p style=\"margin: 0cm 0cm 8pt; line-height: normal; font-size: 11pt; font-family: Calibri, sans-serif; color: #000000;\"><span lang=\"NL-BE\" style=\"font-size: 10pt;\">Comportement de consommation, style de vie, contacts sociaux, possessions, utilisation des r\u00e9seaux sociaux<\/span><\/p><p style=\"margin: 0cm 0cm 8pt; line-height: normal; font-size: 14pt; color: #000000;\"><b><span lang=\"NL-BE\" style=\"font-size: 14pt;\">Plaintes<\/span><\/b><\/p><p style=\"margin: 0cm 0cm 8pt; line-height: normal; font-size: 11pt; font-family: Calibri, sans-serif; color: #000000;\"><span lang=\"NL-BE\" style=\"font-size: 10pt;\">Plaintes, incidents et accidents<\/span><\/p><p style=\"margin: 0cm 0cm 8pt; line-height: normal; font-size: 14pt; color: #000000;\"><b><span lang=\"NL-BE\" style=\"font-size: 14pt;\">Composition de m\u00e9nage\u00a0<\/span><\/b><\/p><p style=\"margin: 0cm 0cm 8pt; line-height: normal; font-size: 11pt; font-family: Calibri, sans-serif; color: #000000;\"><span lang=\"NL-BE\" style=\"font-size: 10pt;\">Situation maritale ou de vie\u00a0<\/span><\/p><p style=\"margin: 0cm 0cm 8pt; line-height: normal; font-size: 11pt; font-family: Calibri, sans-serif; color: #000000;\"><span lang=\"NL-BE\" style=\"font-size: 10pt;\">Informations sur les membres de la famille<\/span><\/p><p style=\"margin: 0cm 0cm 8pt; line-height: normal; font-size: 14pt; color: #000000;\"><b><span lang=\"NL-BE\" style=\"font-size: 14pt;\">Loisirs et hobbies<\/span><\/b><\/p><p style=\"margin: 0cm 0cm 8pt; line-height: normal; font-size: 11pt; font-family: Calibri, sans-serif; color: #000000;\"><span lang=\"NL-BE\" style=\"font-size: 10pt;\">Loisirs et hobbies<\/span><\/p><p style=\"margin: 0cm 0cm 8pt; line-height: normal; font-size: 14pt; color: #000000;\"><b><span lang=\"NL-BE\" style=\"font-size: 14pt;\">Profession et occupation\u00a0<\/span><\/b><\/p><p style=\"margin: 0cm 0cm 8pt; line-height: normal; font-size: 11pt; font-family: Calibri, sans-serif; color: #000000;\"><span lang=\"NL-BE\" style=\"font-size: 10pt;\">Informations sur la profession et l\u2019occupation (particulier ou entreprise, le cas \u00e9ch\u00e9ant le num\u00e9ro de T.V.A)<\/span><\/p><p style=\"margin: 0cm 0cm 8pt; line-height: normal; font-size: 11pt; font-family: Calibri, sans-serif; color: #000000;\"><span lang=\"NL-BE\" style=\"font-size: 10pt;\">Carri\u00e8re<\/span><\/p><p style=\"margin: 0cm 0cm 8pt; line-height: normal; font-size: 14pt; color: #000000;\"><b><span lang=\"NL-BE\" style=\"font-size: 14pt;\">Enregistrements d\u2019images<\/span><\/b><\/p><p style=\"margin: 0cm 0cm 8pt; line-height: normal; font-size: 11pt; font-family: Calibri, sans-serif; color: #000000;\"><span lang=\"NL-BE\" style=\"font-size: 10pt;\">Images de cam\u00e9ras de s\u00e9curit\u00e9\u00a0<\/span><\/p><p style=\"margin: 0cm 0cm 8pt; line-height: normal; font-size: 11pt; font-family: Calibri, sans-serif; color: #000000;\"><span lang=\"NL-BE\" style=\"font-size: 10pt;\">Enregistrements vid\u00e9o via les r\u00e9seaux sociaux \/dans le cadre des concours organis\u00e9s par nous<\/span><\/p><p style=\"margin: 0cm 0cm 8pt; line-height: normal; font-size: 14pt; color: #000000;\"><b><span lang=\"NL-BE\" style=\"font-size: 14pt;\">Enregistrements de sons<\/span><\/b><\/p><p style=\"margin: 0cm 0cm 8pt; line-height: normal; font-size: 11pt; font-family: Calibri, sans-serif; color: #000000;\"><span lang=\"NL-BE\" style=\"font-size: 10pt;\">Enregistrements t\u00e9l\u00e9phoniques par notre call center externe\u00a0<\/span><\/p><p style=\"margin: 0cm 0cm 8pt; line-height: normal; font-size: 11pt; font-family: Calibri, sans-serif; color: #000000;\"><span lang=\"NL-BE\" style=\"font-size: 10pt;\">Enregistrements sonores via les r\u00e9seaux sociaux\/dans le cadre de concours organis\u00e9s par nous<\/span><\/p><p style=\"margin: 0cm 0cm 8pt; line-height: normal; font-size: 14pt; color: #000000;\"><b><span lang=\"NL-BE\" style=\"font-size: 14pt;\">Autres cat\u00e9gories de donn\u00e9es<\/span><\/b><\/p><p style=\"margin: 0cm 0cm 8pt; line-height: normal; font-size: 11pt; font-family: Calibri, sans-serif; color: #000000;\"><span lang=\"NL-BE\" style=\"font-size: 10pt;\">Vos intentions d\u2019achat et int\u00e9r\u00eats<\/span><\/p><p><b><span lang=\"NL-BE\">\u00c0 quelles fins utilisons-nous vos donn\u00e9es \u00e0 caract\u00e8re personnel?<\/span><\/b><\/p><p style=\"margin: 0cm 0cm 8pt; line-height: normal; font-size: 11pt; font-family: Calibri, sans-serif; color: #000000;\"><span lang=\"NL-BE\" style=\"font-size: 10pt;\">Nous utilisons des donn\u00e9es \u00e0 caract\u00e8re personnel aux fins suivantes:<\/span><\/p><p style=\"margin: 0cm 0cm 8pt; line-height: normal; font-size: 11pt; font-family: Calibri, sans-serif; color: #000000;\"><span lang=\"NL-BE\" style=\"font-size: 10pt;\">pour la gestion des fournisseurs et des clients, pour la gestion des litiges (concernant le paiement des factures) et plaintes, pour le traitement des demandes et plaintes des consommateurs, \u00e0 des fins de relations publiques, pour la gestion de notre\/nos site(s) internet, pour vous fournir les informations que vous avez demand\u00e9es (par exemple: pour vous contacter concernant notre offre de produits, pour r\u00e9pondre \u00e0 une question), \u00e0 des fins d\u2019\u00e9tudes de march\u00e9 et statistiques, pour vous tenir inform\u00e9 des potentiels prix \u00e0 gagner apr\u00e8s avoir particip\u00e9 \u00e0 un concours, pour la planification de la production ou le suivi des commandes\/livraisons, pour \u00eatre en conformit\u00e9 avec des obligations l\u00e9gales (par exemple concernant les garanties de produits l\u00e9gales ou commerciales ou des rappels de produits), \u00e0 des fins de contact dans le contexte de nos services apr\u00e8s-vente, pour la s\u00e9curit\u00e9 et le contr\u00f4le d\u2019acc\u00e8s \u00e0 nos b\u00e2timents, \u00e0 des fins de marketing, soit par courriers postaux ou par courriers \u00e9lectroniques (si vous avez souscrit \u00e0 ceux-ci).<\/span><\/p><p style=\"margin: 0cm 0cm 8pt; line-height: normal; font-size: 11pt; font-family: Calibri, sans-serif; color: #000000;\"><span lang=\"NL-BE\" style=\"font-size: 10pt;\">Pour votre parfaite information, veuillez trouver ci-dessous les bases l\u00e9gales applicables \u00e0 ces activit\u00e9s de traitement:<\/span><\/p><p style=\"margin: 0cm 0cm 8pt; line-height: normal; font-size: 11pt; font-family: Calibri, sans-serif; color: #000000;\"><span lang=\"NL-BE\" style=\"font-size: 10pt;\">1. pour le traitement de vos donn\u00e9es \u00e0 caract\u00e8re personnel pour la livraison de produits et le suivi des ventes et de la facturation, pour vous fournir certaines informations concernant les produits achet\u00e9s, ou dans le contexte du traitement des plaintes des consommateurs, nous nous fondons sur la n\u00e9cessit\u00e9 d\u2019ex\u00e9cution du contrat ,<\/span><\/p><p style=\"margin: 0cm 0cm 8pt; line-height: normal; font-size: 11pt; font-family: Calibri, sans-serif; color: #000000;\"><span lang=\"NL-BE\" style=\"font-size: 10pt;\">2. pour le traitement de vos donn\u00e9es \u00e0 caract\u00e8re personnel dans le contexte du suivi des garanties du produit et de la s\u00e9curit\u00e9 alimentaire et du produit, nous nous fondons sur la n\u00e9cessit\u00e9 de respecter nos obligations l\u00e9gales en qualit\u00e9 de producteur alimentaire,<\/span><\/p><p style=\"margin: 0cm 0cm 8pt; line-height: normal; font-size: 11pt; font-family: Calibri, sans-serif; color: #000000;\"><span lang=\"NL-BE\" style=\"font-size: 10pt;\">3. dans tous les autres cas, le traitement de vos donn\u00e9es \u00e0 caract\u00e8re personnel est bas\u00e9 sur nos int\u00e9r\u00eats professionnels\/commerciaux l\u00e9gitimes (c\u2019est-\u00e0-dire l\u2019int\u00e9r\u00eat d\u2019\u00e9tablir des contacts avec des prospects et clients potentiels, d\u2019informer les consommateurs et les partenaires de notre offre de produits et de promouvoir notre entreprise en g\u00e9n\u00e9ral, en ligne et hors ligne, et l\u2019int\u00e9r\u00eat d\u2019obtenir des informations sur le comportement d\u2019achat, les pr\u00e9f\u00e9rences et les intentions d\u2019achat des clients afin d\u2019\u00e9tablir des strat\u00e9gies de marketing),<\/span><\/p><p style=\"margin: 0cm 0cm 8pt; line-height: normal; font-size: 11pt; font-family: Calibri, sans-serif; color: #000000;\"><span lang=\"NL-BE\" style=\"font-size: 10pt;\">4. pour le traitement de vos donn\u00e9es \u00e0 caract\u00e8re personnel aux fins de marketing \u00e9lectronique direct (suivre et analyser vos int\u00e9r\u00eats, envoyer notre newsletter \u00e9lectronique), nous nous fondons sur votre consentement opt-in . Nous vous inscrirons \u00e0 nos courriers \u00e9lectroniques seulement si vous avez exprim\u00e9 de fa\u00e7on univoque que vous d\u00e9sirez les recevoir (vous \u00eates compl\u00e8tement libre d\u2019accepter ou de refuser.) Veuillez noter que vous avez le droit de retirer ce consentement \u00e0 tout moment, gratuitement et sans que cela n\u2019implique aucune cons\u00e9quence n\u00e9gative pour vous. Vous pouvez le faire par e-mail (voir ci-dessous) ou via le lien d\u2019opt-out inclus dans chacun de nos courriers marketing.<\/span><\/p><p><b><span lang=\"NL-BE\">Avec qui partageons-nous vos donn\u00e9es \u00e0 caract\u00e8re personnel?<\/span><\/b><\/p><p style=\"margin: 0cm 0cm 8pt; line-height: normal; font-size: 14pt; color: #000000;\"><b><span lang=\"NL-BE\" style=\"font-size: 14pt;\">Avec nos fournisseurs de services (\u00absous-traitants\u00bb):<\/span><\/b><\/p><p style=\"margin: 0cm 0cm 8pt; line-height: normal; font-size: 11pt; font-family: Calibri, sans-serif; color: #000000;\"><span lang=\"NL-BE\" style=\"font-size: 10pt;\">Dans le cadre des activit\u00e9s telles que d\u00e9crites ci-dessus, nous pouvons partager vos donn\u00e9es \u00e0 caract\u00e8re personnel avec des tiers, en particulier avec des fournisseurs de services (fournisseurs de services IT\/cloud, agences RP\/marketing qui organisent des campagnes de publipostage pour nous, fournisseurs de services de vente ou des agences de cr\u00e9ation) qui agissent en qualit\u00e9 de \u00absous-traitants\u00bb pour nous.<\/span><\/p><p style=\"margin: 0cm 0cm 8pt; line-height: normal; font-size: 14pt; color: #000000;\"><b><span lang=\"NL-BE\" style=\"font-size: 14pt;\">Au sein de notre groupe d\u2019entreprises:<\/span><\/b><\/p><p style=\"margin: 0cm 0cm 8pt; line-height: normal; font-size: 11pt; font-family: Calibri, sans-serif; color: #000000;\"><span lang=\"NL-BE\" style=\"font-size: 10pt;\">Nous pouvons \u00e9galement partager vos donn\u00e9es \u00e0 caract\u00e8re personnel au sein de notre groupe d\u2019entreprises. Veuillez noter que nous avons des entreprises affili\u00e9es dans les pays suivants: France, Allemagne, Finlande et Su\u00e8de (toutes situ\u00e9es dans l\u2019Espace \u00e9conomique europ\u00e9en et offrant une protection ad\u00e9quate de vos donn\u00e9es \u00e0 caract\u00e8re personnel).<\/span><\/p><p style=\"margin: 0cm 0cm 8pt; line-height: normal; font-size: 14pt; color: #000000;\"><b><span lang=\"NL-BE\" style=\"font-size: 14pt;\">Avec nos cabinets d\u2019avocats externes:<\/span><\/b><\/p><p style=\"margin: 0cm 0cm 8pt; line-height: normal; font-size: 11pt; font-family: Calibri, sans-serif; color: #000000;\"><span lang=\"NL-BE\" style=\"font-size: 10pt;\">En outre, nous pouvons \u00e9galement partager vos donn\u00e9es \u00e0 caract\u00e8re personnel avec des cabinets d\u2019avocats en cas de (menace de) litige.<\/span><\/p><p style=\"margin: 0cm 0cm 8pt; line-height: normal; font-size: 14pt; color: #000000;\"><b><span lang=\"NL-BE\" style=\"font-size: 14pt;\">Avec des autorit\u00e9s gouvernementales:<\/span><\/b><\/p><p style=\"margin: 0cm 0cm 8pt; line-height: normal; font-size: 11pt; font-family: Calibri, sans-serif; color: #000000;\"><span lang=\"NL-BE\" style=\"font-size: 10pt;\">Enfin, nous pouvons partager vos donn\u00e9es \u00e0 caract\u00e8re personnel avec le gouvernement, les autorit\u00e9s polici\u00e8res ou judiciaires au cas o\u00f9 nous avons une obligation l\u00e9gale de le faire (par exemple, la fourniture d\u2019acc\u00e8s aux enregistrements de cam\u00e9ra par les autorit\u00e9s gouvernementales et \u00e0 la police sur demande).<\/span><\/p><p style=\"margin: 0cm 0cm 8pt; line-height: normal; font-size: 11pt; font-family: Calibri, sans-serif; color: #000000;\"><span lang=\"NL-BE\" style=\"font-size: 10pt;\">Nous mettrons en \u0153uvre les garanties appropri\u00e9es en cas de transfert de vos donn\u00e9es \u00e0 caract\u00e8re personnel \u00e0 des tiers. Si n\u00e9cessaire, nous conclurons des contrats de transfert de donn\u00e9es ou de sous-traitance d\u00e9taillant les limites de l\u2019utilisation de vos donn\u00e9es \u00e0 caract\u00e8re personnel et les obligations concernant la s\u00e9curit\u00e9 de vos donn\u00e9es \u00e0 caract\u00e8re personnel.<\/span><\/p><p style=\"margin: 0cm 0cm 8pt; line-height: normal; font-size: 11pt; font-family: Calibri, sans-serif; color: #000000;\"><span lang=\"NL-BE\" style=\"font-size: 10pt;\">Vos donn\u00e9es \u00e0 caract\u00e8re personnel ne seront pas pr\u00eat\u00e9es ou vendues \u00e0 des tiers \u00e0 des fins de marketing sans votre consentement pr\u00e9alable et explicite.<\/span><\/p><p style=\"margin: 0cm 0cm 8pt; line-height: normal; font-size: 11pt; font-family: Calibri, sans-serif; color: #000000;\"><span lang=\"NL-BE\" style=\"font-size: 10pt;\">Nous utilisons \u00e9galement Google Analytics pour vous offrir une exp\u00e9rience optimale en tant qu\u2019utilisateur. A cet \u00e9gard, vos donn\u00e9es \u00e0 caract\u00e8re personnel peuvent \u00eatre transf\u00e9r\u00e9es aux pays hors de l\u2019Espace Economique Europ\u00e9en. Vous pouvez trouver plus d\u2019informations \u00e0 ce sujet <\/span><span lang=\"NL-BE\"><a href=\"https:\/\/policies.google.com\/privacy?hl\" target=\"_blank\" rel=\"noopener\"><span style=\"font-size: 10pt; color: blue;\">sur cette page internet<\/span><\/a><\/span><span lang=\"NL-BE\" style=\"font-size: 10pt;\"> .<\/span><\/p><p style=\"margin: 0cm 0cm 8pt; line-height: normal; font-size: 11pt; font-family: Calibri, sans-serif; color: #000000;\"><span lang=\"NL-BE\" style=\"font-size: 10pt;\">Si d\u2019autres de nos processeurs transf\u00e8rent des donn\u00e9es \u00e0 caract\u00e8re personnel \u00e0 des destinataires dans des pays situ\u00e9s hors de l\u2019EEE, vous pouvez vous assurer que des mesures ad\u00e9quates sont prises pour assurer la protection de vos donn\u00e9es \u00e0 caract\u00e8re personnel conform\u00e9ment \u00e0 la l\u00e9gislation applicable en mati\u00e8re de protection des donn\u00e9es. Plus pr\u00e9cis\u00e9ment, nous avons sign\u00e9 des clauses contractuelles types avec notre fournisseur de logiciel de centre d\u2019appels, Wilke Global, afin de l\u00e9gitimer le transfert de donn\u00e9es \u00e0 caract\u00e8re personnel aux \u00c9tats-Unis.<\/span><\/p><p><b><span lang=\"NL-BE\">Combien de temps conservons-nous vos donn\u00e9es \u00e0 caract\u00e8re personnel?<\/span><\/b><\/p><p style=\"margin: 0cm 0cm 8pt; line-height: normal; font-size: 11pt; font-family: Calibri, sans-serif; color: #000000;\"><span lang=\"NL-BE\" style=\"font-size: 10pt;\">Vos donn\u00e9es \u00e0 caract\u00e8re personnel ne seront pas conserv\u00e9es plus longtemps que ce qui est n\u00e9cessaire au regard des finalit\u00e9s (telles que susmentionn\u00e9es) pour lesquelles nous les traitons. Il est possible qu\u2019elles se retrouvent par la suite dans nos back-ups ou archives, mais elles ne seront plus activement trait\u00e9es dans un fichier.<\/span><\/p><p style=\"margin: 0cm 0cm 8pt; line-height: normal; font-size: 11pt; font-family: Calibri, sans-serif; color: #000000;\"><span lang=\"NL-BE\" style=\"font-size: 10pt;\">Plus sp\u00e9cifiquement, nous appliquons les r\u00e8gles de conservation suivantes:<\/span><\/p><p style=\"margin: 0cm 0cm 8pt; line-height: normal; font-size: 11pt; font-family: Calibri, sans-serif; color: #000000;\"><span lang=\"NL-BE\" style=\"font-size: 10pt;\">1. les donn\u00e9es \u00e0 caract\u00e8re personnel incluses dans les documents comptables, financiers ou autres documents officiels seront conserv\u00e9es aussi longtemps que ces documents doivent \u00eatre conserv\u00e9s l\u00e9galement,<\/span><\/p><p style=\"margin: 0cm 0cm 8pt; line-height: normal; font-size: 11pt; font-family: Calibri, sans-serif; color: #000000;\"><span lang=\"NL-BE\" style=\"font-size: 10pt;\">2. les donn\u00e9es \u00e0 caract\u00e8re personnel n\u00e9cessaires \u00e0 l\u2019ex\u00e9cution et au suivi d\u2019une relation contractuelle seront conserv\u00e9es pendant toute la dur\u00e9e de cette relation et pendant les 10 ann\u00e9es qui suivent la fin de celle-ci,<\/span><\/p><p style=\"margin: 0cm 0cm 8pt; line-height: normal; font-size: 11pt; font-family: Calibri, sans-serif; color: #000000;\"><span lang=\"NL-BE\" style=\"font-size: 10pt;\">3. les donn\u00e9es \u00e0 caract\u00e8re personnel obtenues dans le cadre du traitement des plaintes seront effac\u00e9es (ou rendues anonymes) d\u00e8s que la plainte aura \u00e9t\u00e9 class\u00e9e, et<\/span><\/p><p style=\"margin: 0cm 0cm 8pt; line-height: normal; font-size: 11pt; font-family: Calibri, sans-serif; color: #000000;\"><span lang=\"NL-BE\" style=\"font-size: 10pt;\">4. toutes les donn\u00e9es \u00e0 caract\u00e8re personnel utilis\u00e9es \u00e0 des fins de marketing seront conserv\u00e9es aussi longtemps que nous vous envoyons des courriers pertinents et jusqu\u2019\u00e0 un maximum d\u2019un an et demi suivant cela. D\u00e8s que nous constatons que vos coordonn\u00e9es ne sont plus exactes ou actives, ou lorsque vous d\u00e9cidez d\u2019utiliser votre droit de d\u00e9sinscription, nous ne conserverons plus vos donn\u00e9es \u00e0 caract\u00e8re personnel \u00e0 ces fins.<\/span><\/p><p style=\"margin: 0cm 0cm 8pt; line-height: normal; font-size: 11pt; font-family: Calibri, sans-serif; color: #000000;\"><span lang=\"NL-BE\" style=\"font-size: 10pt;\">Nous conserverons vos donn\u00e9es \u00e0 caract\u00e8re personnel pour une plus longue dur\u00e9e uniquement dans les cas o\u00f9 cela nous est l\u00e9galement impos\u00e9 ou dans le cas o\u00f9 cela est n\u00e9cessaire pour d\u00e9fendre nos int\u00e9r\u00eats en justice (par exemple en cas de litige).<\/span><\/p><p style=\"margin: 0cm 0cm 8pt; line-height: normal; font-size: 11pt; font-family: Calibri, sans-serif; color: #000000;\"><span lang=\"NL-BE\" style=\"font-size: 10pt;\">Plus d\u2019informations sur nos dur\u00e9es de conservation sont disponibles sur simple demande.<\/span><\/p><p><b><span lang=\"NL-BE\">Comment prot\u00e9geons-nous vos donn\u00e9es \u00e0 caract\u00e8re personnel?<\/span><\/b><\/p><p style=\"margin: 0cm 0cm 8pt; line-height: normal; font-size: 11pt; font-family: Calibri, sans-serif; color: #000000;\"><span lang=\"NL-BE\" style=\"font-size: 10pt;\">Nous mettrons en place les mesures administratives, techniques et organisationnelles n\u00e9cessaires pour garantir un niveau de s\u00e9curit\u00e9 adapt\u00e9 aux risques sp\u00e9cifiques que nous avons identifi\u00e9s.<\/span><\/p><p style=\"margin: 0cm 0cm 8pt; line-height: normal; font-size: 11pt; font-family: Calibri, sans-serif; color: #000000;\"><span lang=\"NL-BE\" style=\"font-size: 10pt;\">Nous prot\u00e9geons vos donn\u00e9es \u00e0 caract\u00e8re personnel contre la destruction, la perte, l\u2019alt\u00e9ration, la divulgation ou l\u2019acc\u00e8s non-autoris\u00e9 aux donn\u00e9es \u00e0 caract\u00e8re personnel transmises, conserv\u00e9es ou trait\u00e9es de toute autre mani\u00e8re.<\/span><\/p><p style=\"margin: 0cm 0cm 8pt; line-height: normal; font-size: 11pt; font-family: Calibri, sans-serif; color: #000000;\"><span lang=\"NL-BE\" style=\"font-size: 10pt;\">En outre, nous veillons \u00e0 ce que vos donn\u00e9es \u00e0 caract\u00e8re personnel soient exactes et \u00e0 jour. Dans ce contexte, nous vous demandons de bien vouloir nous informer de toute modification de vos donn\u00e9es \u00e0 caract\u00e8re personnel (telle que la modification de vos coordonn\u00e9es).<\/span><\/p><p style=\"margin: 0cm 0cm 8pt; line-height: normal; font-size: 11pt; font-family: Calibri, sans-serif; color: #000000;\"><span lang=\"NL-BE\" style=\"font-size: 10pt;\">Plus d\u2019informations sur nos mesures de protection sont disponibles sur simple demande.<\/span><\/p><p><b><span lang=\"NL-BE\">Dans le cadre des limites d\u00e9finies par les articles 15 \u00e0 22 du RGPD, vous avez l\u00e9galement le droit:<\/span><\/b><\/p><p style=\"margin: 0cm 0cm 8pt; line-height: normal; font-size: 11pt; font-family: Calibri, sans-serif; color: #000000;\"><span lang=\"NL-BE\" style=\"font-size: 10pt;\">U heeft, binnen de grenzen gedefinieerd in de artikelen 15-22 van de GDPR, het wettelijke recht:<\/span><\/p><p style=\"margin: 0cm 0cm 8pt; line-height: normal; font-size: 11pt; font-family: Calibri, sans-serif; color: #000000;\"><span lang=\"NL-BE\" style=\"font-size: 10pt;\">1. de recevoir des informations et d\u2019acc\u00e9der \u00e0 vos donn\u00e9es \u00e0 caract\u00e8re personnel ;<\/span><\/p><p style=\"margin: 0cm 0cm 8pt; line-height: normal; font-size: 11pt; font-family: Calibri, sans-serif; color: #000000;\"><span lang=\"NL-BE\" style=\"font-size: 10pt;\">2. de rectifier vos donn\u00e9es \u00e0 caract\u00e8re personnel ;<\/span><\/p><p style=\"margin: 0cm 0cm 8pt; line-height: normal; font-size: 11pt; font-family: Calibri, sans-serif; color: #000000;\"><span lang=\"NL-BE\" style=\"font-size: 10pt;\">3. d\u2019effacer vos donn\u00e9es \u00e0 caract\u00e8re personnel (\u00abdroit \u00e0 l\u2019oubli\u00bb) ;<\/span><\/p><p style=\"margin: 0cm 0cm 8pt; line-height: normal; font-size: 11pt; font-family: Calibri, sans-serif; color: #000000;\"><span lang=\"NL-BE\" style=\"font-size: 10pt;\">4. de demander la limitation du traitement de vos donn\u00e9es \u00e0 caract\u00e8re personnel ;<\/span><\/p><p style=\"margin: 0cm 0cm 8pt; line-height: normal; font-size: 11pt; font-family: Calibri, sans-serif; color: #000000;\"><span lang=\"NL-BE\" style=\"font-size: 10pt;\">5. de vous opposer au traitement de vos donn\u00e9es \u00e0 caract\u00e8re personnel ;<\/span><\/p><p style=\"margin: 0cm 0cm 8pt; line-height: normal; font-size: 11pt; font-family: Calibri, sans-serif; color: #000000;\"><span lang=\"NL-BE\" style=\"font-size: 10pt;\">6. de recevoir toutes vos donn\u00e9es \u00e0 caract\u00e8re personnel sous format structur\u00e9, couramment utilis\u00e9 et lisible par machine et de (faire) transmettre vos donn\u00e9es \u00e0 caract\u00e8re personnel \u00e0 une autre organisation.<\/span><\/p><p style=\"margin: 0cm 0cm 8pt; line-height: normal; font-size: 11pt; font-family: Calibri, sans-serif; color: #000000;\"><span lang=\"NL-BE\" style=\"font-size: 10pt;\">Enfin, vous avez le droit de d\u00e9poser une plainte relative au traitement de vos donn\u00e9es \u00e0 caract\u00e8re personnel par nous aupr\u00e8s de l\u2019autorit\u00e9 de protection des donn\u00e9es de votre pays.<\/span><\/p><p style=\"margin: 0cm 0cm 8pt; line-height: normal; font-size: 11pt; font-family: Calibri, sans-serif; color: #000000;\"><span lang=\"NL-BE\" style=\"font-size: 10pt;\">Pour en savoir plus sur ces droits et sur les circonstances dans lesquelles vous pouvez les utiliser, en particulier votre droit d\u2019opposition (ceci est votre droit d\u2019opt-out concernant notre newsletter \u00e9lectronique) , veuillez consulter \u00e9galement l\u2019Annexe \u00e0 la pr\u00e9sente Politique de Vie Priv\u00e9e. En principe, vous pouvez exercer ces droits gratuitement. Nous nous r\u00e9servons le droit de r\u00e9clamer un prix raisonnable uniquement si les demandes sont manifestement infond\u00e9es ou excessives.<\/span><\/p><p style=\"margin: 0cm 0cm 8pt; line-height: normal; font-size: 11pt; font-family: Calibri, sans-serif; color: #000000;\"><span lang=\"NL-BE\" style=\"font-size: 10pt;\">Vous pouvez \u00e9galement obtenir des informations et des conseils sur vos droits aupr\u00e8s de l\u2019autorit\u00e9 de protection des donn\u00e9es de votre pays.<\/span><\/p><p style=\"margin: 0cm 0cm 8pt; line-height: normal; font-size: 11pt; font-family: Calibri, sans-serif; color: #000000;\"><span lang=\"NL-BE\" style=\"font-size: 10pt;\">Nous avons pour objectif de r\u00e9pondre \u00e0 vos demandes et questions le plus rapidement possible. Nous pouvons requ\u00e9rir pr\u00e9alablement une preuve de votre identit\u00e9 afin de v\u00e9rifier votre demande.<\/span><\/p><p><b><span lang=\"NL-BE\">Contact<\/span><\/b><\/p><p style=\"margin: 0cm 0cm 8pt; line-height: normal; font-size: 11pt; font-family: Calibri, sans-serif; color: #000000;\"><span lang=\"NL-BE\" style=\"font-size: 10pt;\">Si vous avez des questions ou pr\u00e9occupations concernant la Politique de Vie Priv\u00e9e de GB Foods, ou concernant le traitement que nous faisons de vos donn\u00e9es \u00e0 caract\u00e8re personnel, vous pouvez nous contacter par e-mail ou en soumettant une demande en remplissant le formulaire de contact ou en \u00e9crivant \u00e0 l\u2019adresse mentionn\u00e9e \u00e0 la Section 1 ci-dessus.<\/span><\/p><p><b style=\"color: #000000; font-size: medium;\"><span lang=\"FR\" style=\"font-size: 10pt; line-height: 14.2667px; font-family: Calibri, sans-serif;\">Derni\u00e8re mise \u00e0 jour du 30 octobre 2018<\/span><\/b><\/p><p><!-- \/wp:table --><\/p>\t\t\t\t\t<\/div>\n\t\t\t\t\t\t<\/div>\n\t\t\t\t<\/div>\n\t\t\t\t\t\t<\/div>\n\t\t\t\t\t<\/div>\n\t\t<\/div>\n\t\t\t\t\t\t\t\t<\/div>\n\t\t\t\t\t<\/div>\n\t\t<\/section>\n\t\t\t\t\t\t\t\t\t<\/div>\n\t\t\t<\/div>\n\t\t\t\t\t<\/div>","protected":false},"excerpt":{"rendered":"<p>Wij geven om uw persoonsgegevens en willen dat u erop kan vertrouwen dat GB Foods uw persoonsgegevens met zorg gebruikt. Dit privacybeleid zal helpen om te begrijpen welke persoonsgegevens wij verzamelen, waarom wij deze verzamelen en wat wij ermee doen. Houd er rekening mee dat dit Privacybeleid geldt voor alle GB Foods groepsondernemingen zoals hierna [&hellip;]<\/p>","protected":false},"author":3,"featured_media":0,"parent":0,"menu_order":0,"comment_status":"closed","ping_status":"open","template":"","meta":{"_eb_attr":"","_mi_skip_tracking":false,"_monsterinsights_sitenote_active":false,"_monsterinsights_sitenote_note":"","_monsterinsights_sitenote_category":0,"footnotes":""},"class_list":["post-3","page","type-page","status-publish","hentry","entry"],"acf":[],"_links":{"self":[{"href":"https:\/\/www.aiki.be\/fr\/wp-json\/wp\/v2\/pages\/3"}],"collection":[{"href":"https:\/\/www.aiki.be\/fr\/wp-json\/wp\/v2\/pages"}],"about":[{"href":"https:\/\/www.aiki.be\/fr\/wp-json\/wp\/v2\/types\/page"}],"author":[{"embeddable":true,"href":"https:\/\/www.aiki.be\/fr\/wp-json\/wp\/v2\/users\/3"}],"replies":[{"embeddable":true,"href":"https:\/\/www.aiki.be\/fr\/wp-json\/wp\/v2\/comments?post=3"}],"version-history":[{"count":50,"href":"https:\/\/www.aiki.be\/fr\/wp-json\/wp\/v2\/pages\/3\/revisions"}],"predecessor-version":[{"id":11570,"href":"https:\/\/www.aiki.be\/fr\/wp-json\/wp\/v2\/pages\/3\/revisions\/11570"}],"wp:attachment":[{"href":"https:\/\/www.aiki.be\/fr\/wp-json\/wp\/v2\/media?parent=3"}],"curies":[{"name":"wp","href":"https:\/\/api.w.org\/{rel}","templated":true}]}}